{"id":2,"date":"2025-10-04T15:21:18","date_gmt":"2025-10-04T15:21:18","guid":{"rendered":"http:\/\/ptit-atelier.fr\/?page_id=2"},"modified":"2026-03-18T21:11:57","modified_gmt":"2026-03-18T21:11:57","slug":"accueil","status":"publish","type":"page","link":"https:\/\/ptit-atelier.fr\/","title":{"rendered":"Accueil"},"content":{"rendered":"\n<div class=\"wp-block-media-text alignfull is-stacked-on-mobile\" style=\"border-top-left-radius:0px;border-top-right-radius:0px;border-bottom-left-radius:0px;border-bottom-right-radius:0px;margin-top:0;margin-right:0;margin-bottom:0;margin-left:0;padding-top:var(--wp--preset--spacing--50);padding-right:0;padding-bottom:var(--wp--preset--spacing--50);padding-left:var(--wp--preset--spacing--30);grid-template-columns:39% auto\"><figure class=\"wp-block-media-text__media\"><img loading=\"lazy\" decoding=\"async\" width=\"685\" height=\"443\" src=\"https:\/\/ptit-atelier.fr\/wp-content\/uploads\/2026\/02\/PHOTO-2025-06-10-15-41-51-3.jpg\" alt=\"\" class=\"wp-image-140 size-full\" srcset=\"https:\/\/ptit-atelier.fr\/wp-content\/uploads\/2026\/02\/PHOTO-2025-06-10-15-41-51-3.jpg 685w, https:\/\/ptit-atelier.fr\/wp-content\/uploads\/2026\/02\/PHOTO-2025-06-10-15-41-51-3-300x194.jpg 300w\" sizes=\"auto, (max-width: 685px) 100vw, 685px\" \/><\/figure><div class=\"wp-block-media-text__content\">\n<h2 class=\"wp-block-heading has-text-color has-link-color wp-elements-c248cdf25c9aa27b0ad26d89d5f06caf\" style=\"color:#9e4141\"><strong>Le p&rsquo;tit atelier<\/strong><\/h2>\n\n\n\n<p class=\"has-text-align-left\">Cr\u00e9\u00e9 en 2023, Le P&rsquo;tit Atelier est un atelier de poterie plac\u00e9 sous le signe du partage, o\u00f9 transmission, bienveillance et passion sont au c\u0153ur de chaque instant.<\/p>\n\n\n\n<p class=\"has-text-align-left\">Bas\u00e9 \u00e0 Sillans, en Is\u00e8re (38), Le P&rsquo;tit Atelier con\u00e7oit des poteries artisanales, principalement alimentaires, pour sublimer chaque repas.  <\/p>\n\n\n\n<div class=\"wp-block-buttons is-layout-flex wp-block-buttons-is-layout-flex\">\n<div class=\"wp-block-button\"><a class=\"wp-block-button__link has-background wp-element-button\" style=\"background-color:#9e4141;font-style:normal;font-weight:500\">EN SAVOIR PLUS<\/a><\/div>\n<\/div>\n<\/div><\/div>\n\n\n\n<div class=\"wp-block-media-text alignfull has-media-on-the-right is-stacked-on-mobile\" style=\"border-top-left-radius:0px;border-top-right-radius:0px;border-bottom-left-radius:0px;border-bottom-right-radius:0px;margin-top:0;margin-right:0;margin-bottom:0;margin-left:0;padding-top:0;padding-right:var(--wp--preset--spacing--50);padding-bottom:var(--wp--preset--spacing--60);padding-left:0;grid-template-columns:auto 29%\"><div class=\"wp-block-media-text__content\">\n<h2 class=\"wp-block-heading is-style-default has-text-color has-link-color wp-elements-7d2b9be0779563ff100f907915543015\" style=\"color:#9e4141\"><strong>Pour les particuliers et professionnels<\/strong><\/h2>\n\n\n\n<p>Le P&rsquo;tit Atelier a fait ses d\u00e9buts en cr\u00e9ant des poteries artisanales, pour les particuliers. Vaisselle, bijoux, vasque de salle de bain, chaque pi\u00e8ce est unique. Les al\u00e9as de la poterie offrent des cr\u00e9ations originales et artistiques.<\/p>\n\n\n\n<p>Mais, la passion r\u00e8gne de plus en plus ! A pr\u00e9sent, le P&rsquo;tit Atelier con\u00e7oit \u00e9galement de la vaisselle avec et pour les restaurateurs locaux. Assiettes, bols, tasses&#8230; Le P&rsquo;tit Atelier s&rsquo;adapte aux besoins, aux envies et aux cuisines de chacun, en proposant une offre sur-mesure.<\/p>\n\n\n\n<p>Tout a commenc\u00e9 avec L&rsquo;Impermanent, un restaurant situ\u00e9 au Grand Lemps (38) !<\/p>\n\n\n\n<div class=\"wp-block-buttons is-layout-flex wp-block-buttons-is-layout-flex\">\n<div class=\"wp-block-button\"><a class=\"wp-block-button__link has-background wp-element-button\" style=\"background-color:#9e4141;font-style:normal;font-weight:500\">ME CONTACTER<\/a><\/div>\n<\/div>\n<\/div><figure class=\"wp-block-media-text__media\"><img loading=\"lazy\" decoding=\"async\" width=\"685\" height=\"739\" src=\"https:\/\/ptit-atelier.fr\/wp-content\/uploads\/2026\/02\/33b33cee-b8a3-491d-8404-2b3a861b9606-1.jpg\" alt=\"\" class=\"wp-image-149 size-full\" srcset=\"https:\/\/ptit-atelier.fr\/wp-content\/uploads\/2026\/02\/33b33cee-b8a3-491d-8404-2b3a861b9606-1.jpg 685w, https:\/\/ptit-atelier.fr\/wp-content\/uploads\/2026\/02\/33b33cee-b8a3-491d-8404-2b3a861b9606-1-278x300.jpg 278w\" sizes=\"auto, (max-width: 685px) 100vw, 685px\" \/><\/figure><\/div>\n\n\n\n<div class=\"wp-block-media-text alignfull is-stacked-on-mobile is-vertically-aligned-center has-background\" style=\"border-top-left-radius:0px;border-top-right-radius:0px;border-bottom-left-radius:0px;border-bottom-right-radius:0px;background-color:#f0cdb7;margin-top:0;margin-bottom:0;padding-top:var(--wp--preset--spacing--50);padding-right:var(--wp--preset--spacing--20);padding-bottom:var(--wp--preset--spacing--50);padding-left:var(--wp--preset--spacing--50);grid-template-columns:45% auto\"><figure class=\"wp-block-media-text__media\"><img loading=\"lazy\" decoding=\"async\" width=\"913\" height=\"638\" src=\"https:\/\/ptit-atelier.fr\/wp-content\/uploads\/2026\/02\/GYUR6049-3.jpg\" alt=\"\" class=\"wp-image-141 size-full\" srcset=\"https:\/\/ptit-atelier.fr\/wp-content\/uploads\/2026\/02\/GYUR6049-3.jpg 913w, https:\/\/ptit-atelier.fr\/wp-content\/uploads\/2026\/02\/GYUR6049-3-300x210.jpg 300w, https:\/\/ptit-atelier.fr\/wp-content\/uploads\/2026\/02\/GYUR6049-3-768x537.jpg 768w\" sizes=\"auto, (max-width: 913px) 100vw, 913px\" \/><\/figure><div class=\"wp-block-media-text__content\">\n<h2 class=\"wp-block-heading has-text-color has-link-color wp-elements-7893152929d91f764e5f7bacdc7fab92\" style=\"color:#9e4141\"><strong>A votre tour !<\/strong><\/h2>\n\n\n\n<p class=\"has-contrast-color has-text-color has-link-color wp-elements-321c9b12321030d27ed18528ecec8e26\">Vous aussi, mettez \u00ab\u00a0la main \u00e0 la terre\u00a0\u00bb ! <\/p>\n\n\n\n<p class=\"has-contrast-color has-text-color has-link-color wp-elements-8f15c86e39ef4207b3bf9bca4ea6c2d1\">En petits groupes, d\u00e9couvrez l&rsquo;art de la poterie ou initiez-vous au tournage avec Corinne, pour concevoir vos propres cr\u00e9ations. Adultes comme enfants, Le P&rsquo;tit Atelier est ouvert \u00e0 tous.<\/p>\n\n\n\n<div class=\"wp-block-buttons is-layout-flex wp-block-buttons-is-layout-flex\">\n<div class=\"wp-block-button\"><a class=\"wp-block-button__link has-background wp-element-button\" style=\"background-color:#9e4141;font-style:normal;font-weight:500\">DECOUVRIR LES ATELIERS<\/a><\/div>\n<\/div>\n<\/div><\/div>\n\n\n\n<div class=\"wp-block-columns alignfull are-vertically-aligned-center has-background is-layout-flex wp-container-core-columns-is-layout-16003b82 wp-block-columns-is-layout-flex\" style=\"background-color:#d99a85;padding-top:var(--wp--preset--spacing--30);padding-right:var(--wp--preset--spacing--50);padding-bottom:var(--wp--preset--spacing--50);padding-left:var(--wp--preset--spacing--50)\">\n<div class=\"wp-block-column is-vertically-aligned-center is-layout-flow wp-block-column-is-layout-flow\">\n<figure class=\"wp-block-image aligncenter size-full is-resized wp-duotone-unset-1\" style=\"margin-top:var(--wp--preset--spacing--20);margin-left:var(--wp--preset--spacing--50)\"><img loading=\"lazy\" decoding=\"async\" width=\"351\" height=\"263\" src=\"https:\/\/ptit-atelier.fr\/wp-content\/uploads\/2026\/02\/main_poterie-removebg-preview-edited.png\" alt=\"\" class=\"wp-image-158\" style=\"aspect-ratio:1.3347236704900938;width:215px;height:auto\" srcset=\"https:\/\/ptit-atelier.fr\/wp-content\/uploads\/2026\/02\/main_poterie-removebg-preview-edited.png 351w, https:\/\/ptit-atelier.fr\/wp-content\/uploads\/2026\/02\/main_poterie-removebg-preview-edited-300x225.png 300w\" sizes=\"auto, (max-width: 351px) 100vw, 351px\" \/><\/figure>\n\n\n\n<p class=\"has-text-align-center has-base-color has-text-color has-link-color wp-elements-885827c0acff68405c8a6161df6304e6\" style=\"font-style:normal;font-weight:700;line-height:0\">Fabrication <\/p>\n\n\n\n<p class=\"has-text-align-center has-base-color has-text-color has-link-color wp-elements-bf59066100f893a7606d52da1bbc1206\" style=\"font-style:normal;font-weight:700;line-height:0\">de poteries artisanales<\/p>\n<\/div>\n\n\n\n<div class=\"wp-block-column is-vertically-aligned-center is-layout-flow wp-block-column-is-layout-flow\">\n<figure class=\"wp-block-image aligncenter size-full is-resized\" style=\"margin-left:var(--wp--preset--spacing--40)\"><img loading=\"lazy\" decoding=\"async\" width=\"398\" height=\"299\" src=\"https:\/\/ptit-atelier.fr\/wp-content\/uploads\/2026\/02\/maison-removebg-preview-edited-2.png\" alt=\"\" class=\"wp-image-161\" style=\"aspect-ratio:1.3312077734760495;width:226px;height:auto\" srcset=\"https:\/\/ptit-atelier.fr\/wp-content\/uploads\/2026\/02\/maison-removebg-preview-edited-2.png 398w, https:\/\/ptit-atelier.fr\/wp-content\/uploads\/2026\/02\/maison-removebg-preview-edited-2-300x225.png 300w\" sizes=\"auto, (max-width: 398px) 100vw, 398px\" \/><\/figure>\n\n\n\n<p class=\"has-text-align-center has-base-color has-text-color has-link-color wp-elements-70da119b38c12c63e5cdd16b3aec8ccc\" style=\"font-style:normal;font-weight:700;line-height:0\">Atelier Fran\u00e7ais<\/p>\n\n\n\n<p class=\"has-text-align-center has-base-color has-text-color has-link-color wp-elements-9acbbe81ffde48dccfd18c6eba44cdff\" style=\"font-style:normal;font-weight:700;line-height:0\">situ\u00e9 en Is\u00e8re (38)<\/p>\n<\/div>\n\n\n\n<div class=\"wp-block-column is-vertically-aligned-center is-layout-flow wp-block-column-is-layout-flow\">\n<figure class=\"wp-block-image aligncenter size-full is-resized\" style=\"margin-right:var(--wp--preset--spacing--60);margin-left:var(--wp--preset--spacing--60)\"><img loading=\"lazy\" decoding=\"async\" width=\"443\" height=\"332\" src=\"https:\/\/ptit-atelier.fr\/wp-content\/uploads\/2026\/02\/personnes-removebg-preview-edited.png\" alt=\"\" class=\"wp-image-159\" style=\"aspect-ratio:1.3344490934449094;width:226px;height:auto\" srcset=\"https:\/\/ptit-atelier.fr\/wp-content\/uploads\/2026\/02\/personnes-removebg-preview-edited.png 443w, https:\/\/ptit-atelier.fr\/wp-content\/uploads\/2026\/02\/personnes-removebg-preview-edited-300x225.png 300w\" sizes=\"auto, (max-width: 443px) 100vw, 443px\" \/><\/figure>\n\n\n\n<p class=\"has-text-align-center has-base-color has-text-color has-link-color wp-elements-dad33ebc69bf03e09da6a3a4d7b6c3a5\" style=\"font-style:normal;font-weight:700;line-height:0\">Ateliers de poterie <\/p>\n\n\n\n<p class=\"has-text-align-center has-base-color has-text-color has-link-color wp-elements-a4e2914bfd395d125eba1c7c08d999f1\" style=\"font-style:normal;font-weight:700;line-height:0\">et de partage<\/p>\n<\/div>\n<\/div>\n\n\n\n<p><\/p>\n\n\n\n<div class=\"wp-block-media-text alignfull has-media-on-the-right is-stacked-on-mobile\" style=\"border-top-left-radius:0px;border-top-right-radius:0px;border-bottom-left-radius:0px;border-bottom-right-radius:0px;margin-top:var(--wp--preset--spacing--20);margin-bottom:var(--wp--preset--spacing--20);padding-top:0;padding-right:var(--wp--preset--spacing--50);padding-bottom:var(--wp--preset--spacing--20);padding-left:var(--wp--preset--spacing--20);grid-template-columns:auto 29%\"><div class=\"wp-block-media-text__content\">\n<h2 class=\"wp-block-heading has-text-color has-link-color wp-elements-e193676831485650cb4065783ccbbc2f\" style=\"color:#9e4141\"><strong>Personnalisez vos assiettes<\/strong><\/h2>\n\n\n\n<p>Faites vibrer votre \u00e2me d&rsquo;artiste en personnalisant vos assiettes en poterie. Le P&rsquo;tit Atelier vous fournit des assiettes crues ou pr\u00e9cuites, et c&rsquo;est ensuite \u00e0 vous de jouer !<\/p>\n\n\n\n<p>Avec plusieurs couleurs d&rsquo;englobe ou \u00e0 l&rsquo;aide d&rsquo;un crayon d&rsquo;oxyde, laissez place \u00e0 votre cr\u00e9ativit\u00e9 pour rendre unique votre vaisselle. L&rsquo;occasion de faire ressortir des souvenirs m\u00e9morables, des motifs inspirants&#8230; pour (se) faire plaisir !<\/p>\n\n\n\n<p>Une fois votre chef d&rsquo;\u0153uvre r\u00e9alis\u00e9, Le P&rsquo;tit Atelier s&rsquo;occupe de la cuisson de vos assiettes avec un \u00e9mail transparent. Et le tour est jou\u00e9 !<\/p>\n\n\n\n<div class=\"wp-block-buttons is-layout-flex wp-block-buttons-is-layout-flex\">\n<div class=\"wp-block-button\"><a class=\"wp-block-button__link has-background wp-element-button\" style=\"background-color:#9e4141;font-style:normal;font-weight:500\">ME CONTACTER<\/a><\/div>\n<\/div>\n<\/div><figure class=\"wp-block-media-text__media\"><img loading=\"lazy\" decoding=\"async\" width=\"685\" height=\"913\" src=\"https:\/\/ptit-atelier.fr\/wp-content\/uploads\/2026\/02\/bb8b3afe-4765-4e4f-8801-287768312bec.jpg\" alt=\"\" class=\"wp-image-164 size-full\" srcset=\"https:\/\/ptit-atelier.fr\/wp-content\/uploads\/2026\/02\/bb8b3afe-4765-4e4f-8801-287768312bec.jpg 685w, https:\/\/ptit-atelier.fr\/wp-content\/uploads\/2026\/02\/bb8b3afe-4765-4e4f-8801-287768312bec-225x300.jpg 225w\" sizes=\"auto, (max-width: 685px) 100vw, 685px\" \/><\/figure><\/div>\n\n\n\n<p><\/p>\n","protected":false},"excerpt":{"rendered":"<p>Fabrication de poteries artisanales Atelier Fran\u00e7ais situ\u00e9 en Is\u00e8re (38) Ateliers de poterie et de partage<\/p>\n","protected":false},"author":2,"featured_media":0,"parent":0,"menu_order":0,"comment_status":"closed","ping_status":"closed","template":"page-no-title","meta":{"footnotes":""},"class_list":["post-2","page","type-page","status-publish","hentry"],"_links":{"self":[{"href":"https:\/\/ptit-atelier.fr\/index.php?rest_route=\/wp\/v2\/pages\/2","targetHints":{"allow":["GET"]}}],"collection":[{"href":"https:\/\/ptit-atelier.fr\/index.php?rest_route=\/wp\/v2\/pages"}],"about":[{"href":"https:\/\/ptit-atelier.fr\/index.php?rest_route=\/wp\/v2\/types\/page"}],"author":[{"embeddable":true,"href":"https:\/\/ptit-atelier.fr\/index.php?rest_route=\/wp\/v2\/users\/2"}],"replies":[{"embeddable":true,"href":"https:\/\/ptit-atelier.fr\/index.php?rest_route=%2Fwp%2Fv2%2Fcomments&post=2"}],"version-history":[{"count":29,"href":"https:\/\/ptit-atelier.fr\/index.php?rest_route=\/wp\/v2\/pages\/2\/revisions"}],"predecessor-version":[{"id":257,"href":"https:\/\/ptit-atelier.fr\/index.php?rest_route=\/wp\/v2\/pages\/2\/revisions\/257"}],"wp:attachment":[{"href":"https:\/\/ptit-atelier.fr\/index.php?rest_route=%2Fwp%2Fv2%2Fmedia&parent=2"}],"curies":[{"name":"wp","href":"https:\/\/api.w.org\/{rel}","templated":true}]}}